{"id":1606,"date":"2023-10-25T09:46:43","date_gmt":"2023-10-25T07:46:43","guid":{"rendered":"https:\/\/abacformacio.com\/empresa\/"},"modified":"2024-01-22T13:11:16","modified_gmt":"2024-01-22T12:11:16","slug":"empresa","status":"publish","type":"page","link":"https:\/\/abacformacio.com\/es\/empresa\/","title":{"rendered":"Empresa"},"content":{"rendered":"\t\t<div data-elementor-type=\"wp-page\" data-elementor-id=\"1606\" class=\"elementor elementor-1606 elementor-177\" data-elementor-post-type=\"page\">\n\t\t\t\t<div class=\"elementor-element elementor-element-181afa2a e-con-full e-flex e-con e-parent\" data-id=\"181afa2a\" data-element_type=\"container\" data-settings=\"{&quot;shape_divider_bottom&quot;:&quot;tilt&quot;}\">\n\t\t\t\t<div class=\"elementor-shape elementor-shape-bottom\" aria-hidden=\"true\" data-negative=\"false\">\n\t\t\t<svg xmlns=\"http:\/\/www.w3.org\/2000\/svg\" viewBox=\"0 0 1000 100\" preserveAspectRatio=\"none\">\n\t<path class=\"elementor-shape-fill\" d=\"M0,6V0h1000v100L0,6z\"\/>\n<\/svg>\t\t<\/div>\n\t\t\t\t<div class=\"elementor-element elementor-element-211211f8 elementor-widget elementor-widget-heading\" data-id=\"211211f8\" data-element_type=\"widget\" data-widget_type=\"heading.default\">\n\t\t\t\t<div class=\"elementor-widget-container\">\n\t\t\t\t\t<h1 class=\"elementor-heading-title elementor-size-default\">Empresa<\/h1>\t\t\t\t<\/div>\n\t\t\t\t<\/div>\n\t\t\t\t<\/div>\n\t\t<div class=\"elementor-element elementor-element-08af17d e-con-full e-flex e-con e-parent\" data-id=\"08af17d\" data-element_type=\"container\">\n\t\t<div class=\"elementor-element elementor-element-f49db33 e-con-full e-flex e-con e-child\" data-id=\"f49db33\" data-element_type=\"container\">\n\t\t\t\t<div class=\"elementor-element elementor-element-0a6d42f elementor-widget elementor-widget-heading\" data-id=\"0a6d42f\" data-element_type=\"widget\" data-widget_type=\"heading.default\">\n\t\t\t\t<div class=\"elementor-widget-container\">\n\t\t\t\t\t<h2 class=\"elementor-heading-title elementor-size-default\">Qui\u00e9nes somos\n<\/h2>\t\t\t\t<\/div>\n\t\t\t\t<\/div>\n\t\t\t\t<div class=\"elementor-element elementor-element-5204225 elementor-widget elementor-widget-heading\" data-id=\"5204225\" data-element_type=\"widget\" data-widget_type=\"heading.default\">\n\t\t\t\t<div class=\"elementor-widget-container\">\n\t\t\t\t\t<h3 class=\"elementor-heading-title elementor-size-default\">Somos expertos en formaci\u00f3n<\/h3>\t\t\t\t<\/div>\n\t\t\t\t<\/div>\n\t\t\t\t<div class=\"elementor-element elementor-element-143daa6 elementor-widget elementor-widget-text-editor\" data-id=\"143daa6\" data-element_type=\"widget\" data-widget_type=\"text-editor.default\">\n\t\t\t\t<div class=\"elementor-widget-container\">\n\t\t\t\t\t\t\t\t\t<p>Somos un grupo de profesionales <strong>dedicados a la formaci\u00f3n desde 1990<\/strong> en nuestro centro de la ciudad de Lleida.<\/p><p>Nuestra amplia <strong>experiencia<\/strong> docente, unida a la voluntad de llegar a unos altos par\u00e1metros de <strong>calidad<\/strong> basados en la atenci\u00f3n personalizada a cada uno de nuestros alumnos, todo esto unido a la utilizaci\u00f3n de unos procedimientos y contenidos educativos contrastados por su <strong>eficacia<\/strong>, ha permitido que nuestra propuesta formativa haya tenido la aceptaci\u00f3n de nuestros alumnos a lo largo de estos a\u00f1os.<\/p>\t\t\t\t\t\t\t\t<\/div>\n\t\t\t\t<\/div>\n\t\t\t\t<\/div>\n\t\t<div class=\"elementor-element elementor-element-805f72f e-con-full e-flex e-con e-child\" data-id=\"805f72f\" data-element_type=\"container\" data-settings=\"{&quot;background_background&quot;:&quot;classic&quot;,&quot;background_motion_fx_motion_fx_scrolling&quot;:&quot;yes&quot;,&quot;background_motion_fx_scale_effect&quot;:&quot;yes&quot;,&quot;background_motion_fx_scale_direction&quot;:&quot;out-in&quot;,&quot;background_motion_fx_scale_speed&quot;:{&quot;unit&quot;:&quot;px&quot;,&quot;size&quot;:4,&quot;sizes&quot;:[]},&quot;background_motion_fx_scale_range&quot;:{&quot;unit&quot;:&quot;%&quot;,&quot;size&quot;:&quot;&quot;,&quot;sizes&quot;:{&quot;start&quot;:20,&quot;end&quot;:80}},&quot;background_motion_fx_devices&quot;:[&quot;desktop&quot;,&quot;tablet&quot;,&quot;mobile&quot;]}\">\n\t\t\t\t<div class=\"elementor-element elementor-element-c7ee2ab elementor-widget elementor-widget-heading\" data-id=\"c7ee2ab\" data-element_type=\"widget\" data-widget_type=\"heading.default\">\n\t\t\t\t<div class=\"elementor-widget-container\">\n\t\t\t\t\t<h4 class=\"elementor-heading-title elementor-size-default\">Acreditaciones y homologaciones<\/h4>\t\t\t\t<\/div>\n\t\t\t\t<\/div>\n\t\t\t\t<div class=\"elementor-element elementor-element-760e646 elementor-widget elementor-widget-text-editor\" data-id=\"760e646\" data-element_type=\"widget\" data-widget_type=\"text-editor.default\">\n\t\t\t\t<div class=\"elementor-widget-container\">\n\t\t\t\t\t\t\t\t\t<div class=\"et_pb_module et_pb_text et_pb_text_1 et_pb_text_align_left et_pb_bg_layout_dark\"><div class=\"et_pb_text_inner\"><ul><li>Entidad organizadora. <strong>Fundaci\u00f3n Tripartita para la Ocupaci\u00f3n.<\/strong><\/li><li>Centro colaborador del <strong>Departamento de Empresa y Ocupaci\u00f3n de la Generalitat de Catalu\u00f1a.<\/strong><\/li><li>Centro Examinador ACTIC. <strong>Generalitat de Catalunya.<\/strong><\/li><li>Certificado de Calidad ISO 9001: 2015.<\/li><li>Controlador de Acceso a Establecimientos de Espect\u00e1culos.<\/li><\/ul><div>\u00a0<\/div><\/div><\/div><div class=\"et_pb_module et_pb_text et_pb_text_2 et_pb_text_align_left et_pb_bg_layout_dark\"><div class=\"et_pb_text_inner\"><p><strong>Centro autorizado<\/strong> para impartir formaci\u00f3n para la obtenci\u00f3n del (de la) carn\u00e9 (tarjeta):<\/p><ul><li>Carn\u00e9 Aplicador de Productos Fitosanitarios.<\/li><li>Manipulaci\u00f3n de Alimentos. Depto. Salud. Generalitat Catalu\u00f1a.<\/li><li>Tarjeta Profesional de la Construcci\u00f3n. Fundaci\u00f3n Laboral Construcci\u00f3n\/Metal.<\/li><li>Formaci\u00f3n continua para Conductores (JEFE).<\/li><\/ul><\/div><\/div>\t\t\t\t\t\t\t\t<\/div>\n\t\t\t\t<\/div>\n\t\t\t\t<\/div>\n\t\t<div class=\"elementor-element elementor-element-44c2ad2 e-con-full e-flex e-con e-child\" data-id=\"44c2ad2\" data-element_type=\"container\" data-settings=\"{&quot;background_background&quot;:&quot;classic&quot;,&quot;background_motion_fx_motion_fx_scrolling&quot;:&quot;yes&quot;,&quot;background_motion_fx_translateX_effect&quot;:&quot;yes&quot;,&quot;background_motion_fx_translateX_speed&quot;:{&quot;unit&quot;:&quot;px&quot;,&quot;size&quot;:4,&quot;sizes&quot;:[]},&quot;background_motion_fx_translateX_affectedRange&quot;:{&quot;unit&quot;:&quot;%&quot;,&quot;size&quot;:&quot;&quot;,&quot;sizes&quot;:{&quot;start&quot;:0,&quot;end&quot;:100}},&quot;background_motion_fx_devices&quot;:[&quot;desktop&quot;,&quot;tablet&quot;,&quot;mobile&quot;]}\">\n\t\t\t\t<\/div>\n\t\t<div class=\"elementor-element elementor-element-184b9c1 e-con-full e-flex e-con e-child\" data-id=\"184b9c1\" data-element_type=\"container\">\n\t\t\t\t<div class=\"elementor-element elementor-element-c11d144 elementor-widget elementor-widget-heading\" data-id=\"c11d144\" data-element_type=\"widget\" data-widget_type=\"heading.default\">\n\t\t\t\t<div class=\"elementor-widget-container\">\n\t\t\t\t\t<h4 class=\"elementor-heading-title elementor-size-default\">Nuestra pol\u00edtica de calidad<\/h4>\t\t\t\t<\/div>\n\t\t\t\t<\/div>\n\t\t\t\t<div class=\"elementor-element elementor-element-c06067d elementor-widget elementor-widget-text-editor\" data-id=\"c06067d\" data-element_type=\"widget\" data-widget_type=\"text-editor.default\">\n\t\t\t\t<div class=\"elementor-widget-container\">\n\t\t\t\t\t\t\t\t\t<p><strong>Los principios b\u00e1sicos de la pol\u00edtica de calidad de ABAC Formaci\u00f3n son los siguientes:<\/strong><\/p><ul><li>El cliente es nuestro principal activo.<\/li><li>La satisfacci\u00f3n del cliente es nuestro principal objetivo.<\/li><li>La atenci\u00f3n al usuario y el alumno tiene que ser impecable: en trato, rapidez y eficacia.<\/li><li>Todo el esfuerzo tiene que dirigirse a conseguir la confianza llena de nuestros clientes en nuestros servicios y nuestro equipo humano.<\/li><li>Todo el personal est\u00e1 comprometido en la idea de un servicio de calidad integral.<\/li><li>La Direcci\u00f3n se compromete, a realizar los cambios necesarios para la mejora contin\u00faa de la calidad y en el desempe\u00f1o de todos los requisitos legales y reglamentarios.<\/li><li>La formaci\u00f3n continuada de nuestro equipo humano es b\u00e1sica para mantener un alto nivel de calidad de servicios a nuestros clientes.<\/li><li>La calidad final es la suma de las calidades de cada uno de los componentes de la empresa.<\/li><\/ul>\t\t\t\t\t\t\t\t<\/div>\n\t\t\t\t<\/div>\n\t\t\t\t<\/div>\n\t\t\t\t<\/div>\n\t\t<div class=\"elementor-element elementor-element-2726444 e-con-full e-flex e-con e-parent\" data-id=\"2726444\" data-element_type=\"container\">\n\t\t\t\t<div class=\"elementor-element elementor-element-52bad84 elementor-widget__width-inherit elementor-widget elementor-widget-heading\" data-id=\"52bad84\" data-element_type=\"widget\" data-widget_type=\"heading.default\">\n\t\t\t\t<div class=\"elementor-widget-container\">\n\t\t\t\t\t<h2 class=\"elementor-heading-title elementor-size-default\">Qu\u00e9 hacemos\n<\/h2>\t\t\t\t<\/div>\n\t\t\t\t<\/div>\n\t\t<div class=\"elementor-element elementor-element-316aead e-con-full e-flex e-con e-child\" data-id=\"316aead\" data-element_type=\"container\">\n\t\t\t\t<div class=\"elementor-element elementor-element-a4fe361 elementor-position-inline-start elementor-view-default elementor-mobile-position-block-start elementor-widget elementor-widget-icon-box\" data-id=\"a4fe361\" data-element_type=\"widget\" data-widget_type=\"icon-box.default\">\n\t\t\t\t<div class=\"elementor-widget-container\">\n\t\t\t\t\t\t\t<div class=\"elementor-icon-box-wrapper\">\n\n\t\t\t\t\t\t<div class=\"elementor-icon-box-icon\">\n\t\t\t\t<a href=\"#\" class=\"elementor-icon\" tabindex=\"-1\" aria-label=\" Cursos bonificados por la FUNDAE\">\n\t\t\t\t<i aria-hidden=\"true\" class=\"fas fa-book\"><\/i>\t\t\t\t<\/a>\n\t\t\t<\/div>\n\t\t\t\n\t\t\t\t\t\t<div class=\"elementor-icon-box-content\">\n\n\t\t\t\t\t\t\t\t\t<h4 class=\"elementor-icon-box-title\">\n\t\t\t\t\t\t<a href=\"#\" >\n\t\t\t\t\t\t\t Cursos bonificados por la FUNDAE\t\t\t\t\t\t<\/a>\n\t\t\t\t\t<\/h4>\n\t\t\t\t\n\t\t\t\t\n\t\t\t<\/div>\n\t\t\t\n\t\t<\/div>\n\t\t\t\t\t\t<\/div>\n\t\t\t\t<\/div>\n\t\t\t\t<div class=\"elementor-element elementor-element-82448de elementor-widget elementor-widget-text-editor\" data-id=\"82448de\" data-element_type=\"widget\" data-widget_type=\"text-editor.default\">\n\t\t\t\t<div class=\"elementor-widget-container\">\n\t\t\t\t\t\t\t\t\t<p><br \/>Los cursos, bonificados por la FUNDAE, le resultan totalmente gratis. Le ofrecemos una amplia gama de cursos presenciales,<em> blended learning, in company y en l\u00ednea<\/em>, con una excelente metodolog\u00eda y la ayuda de nuestros profesores-tutores. Asesoramos y gestionamos la bonificaci\u00f3n porque esta formaci\u00f3n le resulte completamente gratuita.<\/p>\t\t\t\t\t\t\t\t<\/div>\n\t\t\t\t<\/div>\n\t\t\t\t<div class=\"elementor-element elementor-element-aa0e8f3 elementor-widget elementor-widget-button\" data-id=\"aa0e8f3\" data-element_type=\"widget\" data-widget_type=\"button.default\">\n\t\t\t\t<div class=\"elementor-widget-container\">\n\t\t\t\t\t\t\t\t\t<div class=\"elementor-button-wrapper\">\n\t\t\t\t\t<a class=\"elementor-button elementor-button-link elementor-size-sm\" href=\"https:\/\/abacformacio.com\/que-es-la-formacio-bonificada-per-a-empreses\/\">\n\t\t\t\t\t\t<span class=\"elementor-button-content-wrapper\">\n\t\t\t\t\t\t<span class=\"elementor-button-icon\">\n\t\t\t\t<i aria-hidden=\"true\" class=\"fas fa-info-circle\"><\/i>\t\t\t<\/span>\n\t\t\t\t\t\t\t\t\t<span class=\"elementor-button-text\">M\u00e1s informaci\u00f3n<\/span>\n\t\t\t\t\t<\/span>\n\t\t\t\t\t<\/a>\n\t\t\t\t<\/div>\n\t\t\t\t\t\t\t\t<\/div>\n\t\t\t\t<\/div>\n\t\t\t\t<\/div>\n\t\t<div class=\"elementor-element elementor-element-2f1f067 e-con-full e-flex e-con e-child\" data-id=\"2f1f067\" data-element_type=\"container\">\n\t\t\t\t<div class=\"elementor-element elementor-element-3447e6b elementor-position-inline-start elementor-view-default elementor-mobile-position-block-start elementor-widget elementor-widget-icon-box\" data-id=\"3447e6b\" data-element_type=\"widget\" data-widget_type=\"icon-box.default\">\n\t\t\t\t<div class=\"elementor-widget-container\">\n\t\t\t\t\t\t\t<div class=\"elementor-icon-box-wrapper\">\n\n\t\t\t\t\t\t<div class=\"elementor-icon-box-icon\">\n\t\t\t\t<a href=\"#\" class=\"elementor-icon\" tabindex=\"-1\" aria-label=\" Cursos subvencionados para trabajadores\">\n\t\t\t\t<i aria-hidden=\"true\" class=\"fas fa-pencil-alt\"><\/i>\t\t\t\t<\/a>\n\t\t\t<\/div>\n\t\t\t\n\t\t\t\t\t\t<div class=\"elementor-icon-box-content\">\n\n\t\t\t\t\t\t\t\t\t<h4 class=\"elementor-icon-box-title\">\n\t\t\t\t\t\t<a href=\"#\" >\n\t\t\t\t\t\t\t Cursos subvencionados para trabajadores\t\t\t\t\t\t<\/a>\n\t\t\t\t\t<\/h4>\n\t\t\t\t\n\t\t\t\t\n\t\t\t<\/div>\n\t\t\t\n\t\t<\/div>\n\t\t\t\t\t\t<\/div>\n\t\t\t\t<\/div>\n\t\t\t\t<div class=\"elementor-element elementor-element-ca7de5c elementor-widget elementor-widget-text-editor\" data-id=\"ca7de5c\" data-element_type=\"widget\" data-widget_type=\"text-editor.default\">\n\t\t\t\t<div class=\"elementor-widget-container\">\n\t\t\t\t\t\t\t\t\t<p>Nuestra programaci\u00f3n de cursos <strong>presenciales<\/strong> y <strong>subvencionados<\/strong> de formaci\u00f3n para trabajadores en activo, tambi\u00e9n totalmente gratuitos, est\u00e1 centrada en \u00e1mbitos plenamente actuales: coaching, marketing digital, ingl\u00e9s, mindfulness, community manager, contable-fiscal, etc.<\/p>\t\t\t\t\t\t\t\t<\/div>\n\t\t\t\t<\/div>\n\t\t\t\t<div class=\"elementor-element elementor-element-6343baf elementor-widget elementor-widget-toggle\" data-id=\"6343baf\" data-element_type=\"widget\" data-widget_type=\"toggle.default\">\n\t\t\t\t<div class=\"elementor-widget-container\">\n\t\t\t\t\t\t\t<div class=\"elementor-toggle\">\n\t\t\t\t\t\t\t<div class=\"elementor-toggle-item\">\n\t\t\t\t\t<div id=\"elementor-tab-title-1041\" class=\"elementor-tab-title\" data-tab=\"1\" role=\"button\" aria-controls=\"elementor-tab-content-1041\" aria-expanded=\"false\">\n\t\t\t\t\t\t\t\t\t\t\t\t<span class=\"elementor-toggle-icon elementor-toggle-icon-left\" aria-hidden=\"true\">\n\t\t\t\t\t\t\t\t\t\t\t\t\t\t\t<span class=\"elementor-toggle-icon-closed\"><i class=\"fas fa-caret-right\"><\/i><\/span>\n\t\t\t\t\t\t\t\t<span class=\"elementor-toggle-icon-opened\"><i class=\"elementor-toggle-icon-opened fas fa-caret-up\"><\/i><\/span>\n\t\t\t\t\t\t\t\t\t\t\t\t\t<\/span>\n\t\t\t\t\t\t\t\t\t\t\t\t<a class=\"elementor-toggle-title\" tabindex=\"0\">M\u00e1s informaci\u00f3n<\/a>\n\t\t\t\t\t<\/div>\n\n\t\t\t\t\t<div id=\"elementor-tab-content-1041\" class=\"elementor-tab-content elementor-clearfix\" data-tab=\"1\" role=\"region\" aria-labelledby=\"elementor-tab-title-1041\"><p>La Formaci\u00f3n Continua es la herramienta que ponemos a disposici\u00f3n de empresas, trabajadores y de clientes particulares para mejorar los niveles de formaci\u00f3n en un entorno muy cambiante para mejorar la productividad y capacidad de adaptaci\u00f3n a nuevos entornos tecnol\u00f3gicos, empresariales y sociales.<\/p><p>Los cursos que los ofrecemos como formaci\u00f3n subvencionada est\u00e1n promovidos por el Consorcio para la Formaci\u00f3n Continua de Catalu\u00f1a y que nos otorga la organizaci\u00f3n empresarial PIMEC.<\/p><\/div>\n\t\t\t\t<\/div>\n\t\t\t\t\t\t\t\t<\/div>\n\t\t\t\t\t\t<\/div>\n\t\t\t\t<\/div>\n\t\t\t\t<\/div>\n\t\t<div class=\"elementor-element elementor-element-3908c44 e-con-full e-flex e-con e-child\" data-id=\"3908c44\" data-element_type=\"container\">\n\t\t\t\t<div class=\"elementor-element elementor-element-06d28ac elementor-position-inline-start elementor-view-default elementor-mobile-position-block-start elementor-widget elementor-widget-icon-box\" data-id=\"06d28ac\" data-element_type=\"widget\" data-widget_type=\"icon-box.default\">\n\t\t\t\t<div class=\"elementor-widget-container\">\n\t\t\t\t\t\t\t<div class=\"elementor-icon-box-wrapper\">\n\n\t\t\t\t\t\t<div class=\"elementor-icon-box-icon\">\n\t\t\t\t<a href=\"#\" class=\"elementor-icon\" tabindex=\"-1\" aria-label=\" Formaci\u00f3n Ocupacional. Cursos para trabajadores\/as y parados\/as\">\n\t\t\t\t<i aria-hidden=\"true\" class=\"far fa-bookmark\"><\/i>\t\t\t\t<\/a>\n\t\t\t<\/div>\n\t\t\t\n\t\t\t\t\t\t<div class=\"elementor-icon-box-content\">\n\n\t\t\t\t\t\t\t\t\t<h4 class=\"elementor-icon-box-title\">\n\t\t\t\t\t\t<a href=\"#\" >\n\t\t\t\t\t\t\t Formaci\u00f3n Ocupacional. Cursos para trabajadores\/as y parados\/as\t\t\t\t\t\t<\/a>\n\t\t\t\t\t<\/h4>\n\t\t\t\t\n\t\t\t\t\n\t\t\t<\/div>\n\t\t\t\n\t\t<\/div>\n\t\t\t\t\t\t<\/div>\n\t\t\t\t<\/div>\n\t\t\t\t<div class=\"elementor-element elementor-element-1386a3e elementor-widget elementor-widget-text-editor\" data-id=\"1386a3e\" data-element_type=\"widget\" data-widget_type=\"text-editor.default\">\n\t\t\t\t<div class=\"elementor-widget-container\">\n\t\t\t\t\t\t\t\t\t<p>Estamos homologados por el Servicio de Ocupaci\u00f3n de Catalu\u00f1a (Generalitat de Catalunya) para la impartici\u00f3n de unos veinte Certificados de Profesionalidad, con el Certificado de Calidad ISO 9001:2015.<\/p>\t\t\t\t\t\t\t\t<\/div>\n\t\t\t\t<\/div>\n\t\t\t\t<div class=\"elementor-element elementor-element-f12eaa4 elementor-widget elementor-widget-button\" data-id=\"f12eaa4\" data-element_type=\"widget\" data-widget_type=\"button.default\">\n\t\t\t\t<div class=\"elementor-widget-container\">\n\t\t\t\t\t\t\t\t\t<div class=\"elementor-button-wrapper\">\n\t\t\t\t\t<a class=\"elementor-button elementor-button-link elementor-size-sm\" href=\"https:\/\/abacformacio.com\/formacio-ocupacional\/\">\n\t\t\t\t\t\t<span class=\"elementor-button-content-wrapper\">\n\t\t\t\t\t\t<span class=\"elementor-button-icon\">\n\t\t\t\t<i aria-hidden=\"true\" class=\"fas fa-info-circle\"><\/i>\t\t\t<\/span>\n\t\t\t\t\t\t\t\t\t<span class=\"elementor-button-text\">M\u00e1s informaci\u00f3n<\/span>\n\t\t\t\t\t<\/span>\n\t\t\t\t\t<\/a>\n\t\t\t\t<\/div>\n\t\t\t\t\t\t\t\t<\/div>\n\t\t\t\t<\/div>\n\t\t\t\t<\/div>\n\t\t<div class=\"elementor-element elementor-element-faee9bd e-con-full e-flex e-con e-child\" data-id=\"faee9bd\" data-element_type=\"container\">\n\t\t\t\t<div class=\"elementor-element elementor-element-0b03846 elementor-position-inline-start elementor-view-default elementor-mobile-position-block-start elementor-widget elementor-widget-icon-box\" data-id=\"0b03846\" data-element_type=\"widget\" data-widget_type=\"icon-box.default\">\n\t\t\t\t<div class=\"elementor-widget-container\">\n\t\t\t\t\t\t\t<div class=\"elementor-icon-box-wrapper\">\n\n\t\t\t\t\t\t<div class=\"elementor-icon-box-icon\">\n\t\t\t\t<a href=\"#\" class=\"elementor-icon\" tabindex=\"-1\" aria-label=\"Refuerzo escolar\">\n\t\t\t\t<i aria-hidden=\"true\" class=\"far fa-edit\"><\/i>\t\t\t\t<\/a>\n\t\t\t<\/div>\n\t\t\t\n\t\t\t\t\t\t<div class=\"elementor-icon-box-content\">\n\n\t\t\t\t\t\t\t\t\t<h4 class=\"elementor-icon-box-title\">\n\t\t\t\t\t\t<a href=\"#\" >\n\t\t\t\t\t\t\tRefuerzo escolar\t\t\t\t\t\t<\/a>\n\t\t\t\t\t<\/h4>\n\t\t\t\t\n\t\t\t\t\n\t\t\t<\/div>\n\t\t\t\n\t\t<\/div>\n\t\t\t\t\t\t<\/div>\n\t\t\t\t<\/div>\n\t\t\t\t<div class=\"elementor-element elementor-element-eb08428 elementor-widget elementor-widget-text-editor\" data-id=\"eb08428\" data-element_type=\"widget\" data-widget_type=\"text-editor.default\">\n\t\t\t\t<div class=\"elementor-widget-container\">\n\t\t\t\t\t\t\t\t\t<p>Hacemos refuerzo escolar desde hace m\u00e1s de veinte a\u00f1os. Grupos reducidos, profesores expertos en todas las materias: Primaria, ESO y Bachillerato<\/p>\t\t\t\t\t\t\t\t<\/div>\n\t\t\t\t<\/div>\n\t\t\t\t<div class=\"elementor-element elementor-element-fa6993b elementor-widget elementor-widget-button\" data-id=\"fa6993b\" data-element_type=\"widget\" data-widget_type=\"button.default\">\n\t\t\t\t<div class=\"elementor-widget-container\">\n\t\t\t\t\t\t\t\t\t<div class=\"elementor-button-wrapper\">\n\t\t\t\t\t<a class=\"elementor-button elementor-button-link elementor-size-sm\" href=\"https:\/\/abacformacio.com\/reforc-escolar\/\">\n\t\t\t\t\t\t<span class=\"elementor-button-content-wrapper\">\n\t\t\t\t\t\t<span class=\"elementor-button-icon\">\n\t\t\t\t<i aria-hidden=\"true\" class=\"fas fa-info-circle\"><\/i>\t\t\t<\/span>\n\t\t\t\t\t\t\t\t\t<span class=\"elementor-button-text\">M\u00e1s informaci\u00f3n<\/span>\n\t\t\t\t\t<\/span>\n\t\t\t\t\t<\/a>\n\t\t\t\t<\/div>\n\t\t\t\t\t\t\t\t<\/div>\n\t\t\t\t<\/div>\n\t\t\t\t<\/div>\n\t\t<div class=\"elementor-element elementor-element-9b8b0eb e-con-full e-flex e-con e-child\" data-id=\"9b8b0eb\" data-element_type=\"container\">\n\t\t\t\t<div class=\"elementor-element elementor-element-3f90815 elementor-position-inline-start elementor-view-default elementor-mobile-position-block-start elementor-widget elementor-widget-icon-box\" data-id=\"3f90815\" data-element_type=\"widget\" data-widget_type=\"icon-box.default\">\n\t\t\t\t<div class=\"elementor-widget-container\">\n\t\t\t\t\t\t\t<div class=\"elementor-icon-box-wrapper\">\n\n\t\t\t\t\t\t<div class=\"elementor-icon-box-icon\">\n\t\t\t\t<a href=\"#\" class=\"elementor-icon\" tabindex=\"-1\" aria-label=\"Kangaroo Point\">\n\t\t\t\t<i aria-hidden=\"true\" class=\"far fa-comments\"><\/i>\t\t\t\t<\/a>\n\t\t\t<\/div>\n\t\t\t\n\t\t\t\t\t\t<div class=\"elementor-icon-box-content\">\n\n\t\t\t\t\t\t\t\t\t<h4 class=\"elementor-icon-box-title\">\n\t\t\t\t\t\t<a href=\"#\" >\n\t\t\t\t\t\t\tKangaroo Point\t\t\t\t\t\t<\/a>\n\t\t\t\t\t<\/h4>\n\t\t\t\t\n\t\t\t\t\n\t\t\t<\/div>\n\t\t\t\n\t\t<\/div>\n\t\t\t\t\t\t<\/div>\n\t\t\t\t<\/div>\n\t\t\t\t<div class=\"elementor-element elementor-element-4cb0d0f elementor-widget elementor-widget-text-editor\" data-id=\"4cb0d0f\" data-element_type=\"widget\" data-widget_type=\"text-editor.default\">\n\t\t\t\t<div class=\"elementor-widget-container\">\n\t\t\t\t\t\t\t\t\t<p>Nuestra escuela de ingl\u00e9s.<\/p>\t\t\t\t\t\t\t\t<\/div>\n\t\t\t\t<\/div>\n\t\t\t\t<\/div>\n\t\t<div class=\"elementor-element elementor-element-d2c4d96 e-con-full e-flex e-con e-child\" data-id=\"d2c4d96\" data-element_type=\"container\">\n\t\t\t\t<\/div>\n\t\t\t\t<\/div>\n\t\t<div class=\"elementor-element elementor-element-8980940 e-con-full e-flex e-con e-parent\" data-id=\"8980940\" data-element_type=\"container\" data-settings=\"{&quot;background_background&quot;:&quot;classic&quot;,&quot;shape_divider_bottom&quot;:&quot;tilt&quot;}\">\n\t\t\t\t<div class=\"elementor-shape elementor-shape-bottom\" aria-hidden=\"true\" data-negative=\"false\">\n\t\t\t<svg xmlns=\"http:\/\/www.w3.org\/2000\/svg\" viewBox=\"0 0 1000 100\" preserveAspectRatio=\"none\">\n\t<path class=\"elementor-shape-fill\" d=\"M0,6V0h1000v100L0,6z\"\/>\n<\/svg>\t\t<\/div>\n\t\t\t\t<div class=\"elementor-element elementor-element-65b7d10 elementor-widget elementor-widget-heading\" data-id=\"65b7d10\" data-element_type=\"widget\" data-widget_type=\"heading.default\">\n\t\t\t\t<div class=\"elementor-widget-container\">\n\t\t\t\t\t<h2 class=\"elementor-heading-title elementor-size-default\">\u00a1Y eso no es todo!<\/h2>\t\t\t\t<\/div>\n\t\t\t\t<\/div>\n\t\t\t\t<div class=\"elementor-element elementor-element-b7e5812 elementor-widget elementor-widget-heading\" data-id=\"b7e5812\" data-element_type=\"widget\" data-widget_type=\"heading.default\">\n\t\t\t\t<div class=\"elementor-widget-container\">\n\t\t\t\t\t<h3 class=\"elementor-heading-title elementor-size-default\">Consulta la oferta completa de cursos bonificados y subvencionados para trabajadores<\/h3>\t\t\t\t<\/div>\n\t\t\t\t<\/div>\n\t\t\t\t<div class=\"elementor-element elementor-element-2d8d2dd elementor-widget elementor-widget-button\" data-id=\"2d8d2dd\" data-element_type=\"widget\" data-widget_type=\"button.default\">\n\t\t\t\t<div class=\"elementor-widget-container\">\n\t\t\t\t\t\t\t\t\t<div class=\"elementor-button-wrapper\">\n\t\t\t\t\t<a class=\"elementor-button elementor-button-link elementor-size-xl\" href=\"https:\/\/abacformacio.com\/es\/cursos-presenciales\/\">\n\t\t\t\t\t\t<span class=\"elementor-button-content-wrapper\">\n\t\t\t\t\t\t<span class=\"elementor-button-icon\">\n\t\t\t\t<i aria-hidden=\"true\" class=\"fas fa-info-circle\"><\/i>\t\t\t<\/span>\n\t\t\t\t\t\t\t\t\t<span class=\"elementor-button-text\">Ver nuestros cursos presenciales<\/span>\n\t\t\t\t\t<\/span>\n\t\t\t\t\t<\/a>\n\t\t\t\t<\/div>\n\t\t\t\t\t\t\t\t<\/div>\n\t\t\t\t<\/div>\n\t\t\t\t<\/div>\n\t\t\t\t<\/div>\n\t\t","protected":false},"excerpt":{"rendered":"<p>Qui\u00e9nes somos Somos expertos en formaci\u00f3n Somos un grupo de profesionales dedicados a la formaci\u00f3n desde 1990 en nuestro centro de la ciudad de Lleida. Nuestra amplia experiencia docente, unida a la voluntad de llegar a unos altos par\u00e1metros de calidad basados en la atenci\u00f3n personalizada a cada uno de nuestros alumnos, todo esto unido [&hellip;]<\/p>\n","protected":false},"author":1,"featured_media":0,"parent":0,"menu_order":0,"comment_status":"closed","ping_status":"closed","template":"","meta":{"_acf_changed":false,"footnotes":""},"class_list":["post-1606","page","type-page","status-publish","hentry"],"acf":[],"yoast_head":"<!-- This site is optimized with the Yoast SEO plugin v27.5 - https:\/\/yoast.com\/product\/yoast-seo-wordpress\/ -->\n<title>Empresa - Abac Formaci\u00f3<\/title>\n<meta name=\"robots\" content=\"index, follow, max-snippet:-1, max-image-preview:large, max-video-preview:-1\" \/>\n<link rel=\"canonical\" href=\"https:\/\/abacformacio.com\/es\/empresa\/\" \/>\n<meta property=\"og:locale\" content=\"es_ES\" \/>\n<meta property=\"og:type\" content=\"article\" \/>\n<meta property=\"og:title\" content=\"Empresa - Abac Formaci\u00f3\" \/>\n<meta property=\"og:description\" content=\"Qui\u00e9nes somos Somos expertos en formaci\u00f3n Somos un grupo de profesionales dedicados a la formaci\u00f3n desde 1990 en nuestro centro de la ciudad de Lleida. Nuestra amplia experiencia docente, unida a la voluntad de llegar a unos altos par\u00e1metros de calidad basados en la atenci\u00f3n personalizada a cada uno de nuestros alumnos, todo esto unido [&hellip;]\" \/>\n<meta property=\"og:url\" content=\"https:\/\/abacformacio.com\/es\/empresa\/\" \/>\n<meta property=\"og:site_name\" content=\"Abac Formaci\u00f3\" \/>\n<meta property=\"article:modified_time\" content=\"2024-01-22T12:11:16+00:00\" \/>\n<meta name=\"twitter:card\" content=\"summary_large_image\" \/>\n<meta name=\"twitter:label1\" content=\"Tiempo de lectura\" \/>\n\t<meta name=\"twitter:data1\" content=\"3 minutos\" \/>\n<script type=\"application\/ld+json\" class=\"yoast-schema-graph\">{\"@context\":\"https:\\\/\\\/schema.org\",\"@graph\":[{\"@type\":\"WebPage\",\"@id\":\"https:\\\/\\\/abacformacio.com\\\/es\\\/empresa\\\/\",\"url\":\"https:\\\/\\\/abacformacio.com\\\/es\\\/empresa\\\/\",\"name\":\"Empresa - Abac Formaci\u00f3\",\"isPartOf\":{\"@id\":\"https:\\\/\\\/abacformacio.com\\\/es\\\/#website\"},\"datePublished\":\"2023-10-25T07:46:43+00:00\",\"dateModified\":\"2024-01-22T12:11:16+00:00\",\"breadcrumb\":{\"@id\":\"https:\\\/\\\/abacformacio.com\\\/es\\\/empresa\\\/#breadcrumb\"},\"inLanguage\":\"es\",\"potentialAction\":[{\"@type\":\"ReadAction\",\"target\":[\"https:\\\/\\\/abacformacio.com\\\/es\\\/empresa\\\/\"]}]},{\"@type\":\"BreadcrumbList\",\"@id\":\"https:\\\/\\\/abacformacio.com\\\/es\\\/empresa\\\/#breadcrumb\",\"itemListElement\":[{\"@type\":\"ListItem\",\"position\":1,\"name\":\"Portada\",\"item\":\"https:\\\/\\\/abacformacio.com\\\/es\\\/\"},{\"@type\":\"ListItem\",\"position\":2,\"name\":\"Empresa\"}]},{\"@type\":\"WebSite\",\"@id\":\"https:\\\/\\\/abacformacio.com\\\/es\\\/#website\",\"url\":\"https:\\\/\\\/abacformacio.com\\\/es\\\/\",\"name\":\"Abac Formaci\u00f3\",\"description\":\"Formaci\u00f3 subvencionada i bonificada a Lleida\",\"publisher\":{\"@id\":\"https:\\\/\\\/abacformacio.com\\\/es\\\/#organization\"},\"potentialAction\":[{\"@type\":\"SearchAction\",\"target\":{\"@type\":\"EntryPoint\",\"urlTemplate\":\"https:\\\/\\\/abacformacio.com\\\/es\\\/?s={search_term_string}\"},\"query-input\":{\"@type\":\"PropertyValueSpecification\",\"valueRequired\":true,\"valueName\":\"search_term_string\"}}],\"inLanguage\":\"es\"},{\"@type\":\"Organization\",\"@id\":\"https:\\\/\\\/abacformacio.com\\\/es\\\/#organization\",\"name\":\"Abac Formaci\u00f3\",\"url\":\"https:\\\/\\\/abacformacio.com\\\/es\\\/\",\"logo\":{\"@type\":\"ImageObject\",\"inLanguage\":\"es\",\"@id\":\"https:\\\/\\\/abacformacio.com\\\/es\\\/#\\\/schema\\\/logo\\\/image\\\/\",\"url\":\"https:\\\/\\\/abacformacio.com\\\/wp-content\\\/uploads\\\/2023\\\/10\\\/formacio-empreses-lleida-abac-e1698183049887.png\",\"contentUrl\":\"https:\\\/\\\/abacformacio.com\\\/wp-content\\\/uploads\\\/2023\\\/10\\\/formacio-empreses-lleida-abac-e1698183049887.png\",\"width\":1042,\"height\":203,\"caption\":\"Abac Formaci\u00f3\"},\"image\":{\"@id\":\"https:\\\/\\\/abacformacio.com\\\/es\\\/#\\\/schema\\\/logo\\\/image\\\/\"}}]}<\/script>\n<!-- \/ Yoast SEO plugin. -->","yoast_head_json":{"title":"Empresa - Abac Formaci\u00f3","robots":{"index":"index","follow":"follow","max-snippet":"max-snippet:-1","max-image-preview":"max-image-preview:large","max-video-preview":"max-video-preview:-1"},"canonical":"https:\/\/abacformacio.com\/es\/empresa\/","og_locale":"es_ES","og_type":"article","og_title":"Empresa - Abac Formaci\u00f3","og_description":"Qui\u00e9nes somos Somos expertos en formaci\u00f3n Somos un grupo de profesionales dedicados a la formaci\u00f3n desde 1990 en nuestro centro de la ciudad de Lleida. Nuestra amplia experiencia docente, unida a la voluntad de llegar a unos altos par\u00e1metros de calidad basados en la atenci\u00f3n personalizada a cada uno de nuestros alumnos, todo esto unido [&hellip;]","og_url":"https:\/\/abacformacio.com\/es\/empresa\/","og_site_name":"Abac Formaci\u00f3","article_modified_time":"2024-01-22T12:11:16+00:00","twitter_card":"summary_large_image","twitter_misc":{"Tiempo de lectura":"3 minutos"},"schema":{"@context":"https:\/\/schema.org","@graph":[{"@type":"WebPage","@id":"https:\/\/abacformacio.com\/es\/empresa\/","url":"https:\/\/abacformacio.com\/es\/empresa\/","name":"Empresa - Abac Formaci\u00f3","isPartOf":{"@id":"https:\/\/abacformacio.com\/es\/#website"},"datePublished":"2023-10-25T07:46:43+00:00","dateModified":"2024-01-22T12:11:16+00:00","breadcrumb":{"@id":"https:\/\/abacformacio.com\/es\/empresa\/#breadcrumb"},"inLanguage":"es","potentialAction":[{"@type":"ReadAction","target":["https:\/\/abacformacio.com\/es\/empresa\/"]}]},{"@type":"BreadcrumbList","@id":"https:\/\/abacformacio.com\/es\/empresa\/#breadcrumb","itemListElement":[{"@type":"ListItem","position":1,"name":"Portada","item":"https:\/\/abacformacio.com\/es\/"},{"@type":"ListItem","position":2,"name":"Empresa"}]},{"@type":"WebSite","@id":"https:\/\/abacformacio.com\/es\/#website","url":"https:\/\/abacformacio.com\/es\/","name":"Abac Formaci\u00f3","description":"Formaci\u00f3 subvencionada i bonificada a Lleida","publisher":{"@id":"https:\/\/abacformacio.com\/es\/#organization"},"potentialAction":[{"@type":"SearchAction","target":{"@type":"EntryPoint","urlTemplate":"https:\/\/abacformacio.com\/es\/?s={search_term_string}"},"query-input":{"@type":"PropertyValueSpecification","valueRequired":true,"valueName":"search_term_string"}}],"inLanguage":"es"},{"@type":"Organization","@id":"https:\/\/abacformacio.com\/es\/#organization","name":"Abac Formaci\u00f3","url":"https:\/\/abacformacio.com\/es\/","logo":{"@type":"ImageObject","inLanguage":"es","@id":"https:\/\/abacformacio.com\/es\/#\/schema\/logo\/image\/","url":"https:\/\/abacformacio.com\/wp-content\/uploads\/2023\/10\/formacio-empreses-lleida-abac-e1698183049887.png","contentUrl":"https:\/\/abacformacio.com\/wp-content\/uploads\/2023\/10\/formacio-empreses-lleida-abac-e1698183049887.png","width":1042,"height":203,"caption":"Abac Formaci\u00f3"},"image":{"@id":"https:\/\/abacformacio.com\/es\/#\/schema\/logo\/image\/"}}]}},"publishpress_future_action":{"enabled":false,"date":"2026-05-07 02:03:26","action":"change-status","newStatus":"draft","terms":[],"taxonomy":"translation_priority","extraData":[]},"publishpress_future_workflow_manual_trigger":{"enabledWorkflows":[]},"_links":{"self":[{"href":"https:\/\/abacformacio.com\/es\/wp-json\/wp\/v2\/pages\/1606","targetHints":{"allow":["GET"]}}],"collection":[{"href":"https:\/\/abacformacio.com\/es\/wp-json\/wp\/v2\/pages"}],"about":[{"href":"https:\/\/abacformacio.com\/es\/wp-json\/wp\/v2\/types\/page"}],"author":[{"embeddable":true,"href":"https:\/\/abacformacio.com\/es\/wp-json\/wp\/v2\/users\/1"}],"replies":[{"embeddable":true,"href":"https:\/\/abacformacio.com\/es\/wp-json\/wp\/v2\/comments?post=1606"}],"version-history":[{"count":21,"href":"https:\/\/abacformacio.com\/es\/wp-json\/wp\/v2\/pages\/1606\/revisions"}],"predecessor-version":[{"id":2354,"href":"https:\/\/abacformacio.com\/es\/wp-json\/wp\/v2\/pages\/1606\/revisions\/2354"}],"wp:attachment":[{"href":"https:\/\/abacformacio.com\/es\/wp-json\/wp\/v2\/media?parent=1606"}],"curies":[{"name":"wp","href":"https:\/\/api.w.org\/{rel}","templated":true}]}}