{"id":1659,"date":"2023-10-29T10:43:26","date_gmt":"2023-10-29T09:43:26","guid":{"rendered":"https:\/\/abacformacio.com\/formacio-ocupacional\/"},"modified":"2023-11-22T13:08:57","modified_gmt":"2023-11-22T12:08:57","slug":"formacion-ocupacional","status":"publish","type":"page","link":"https:\/\/abacformacio.com\/es\/formacion-ocupacional\/","title":{"rendered":"Formaci\u00f3n ocupacional"},"content":{"rendered":"\t\t<div data-elementor-type=\"wp-page\" data-elementor-id=\"1659\" class=\"elementor elementor-1659 elementor-827\" data-elementor-post-type=\"page\">\n\t\t\t\t<div class=\"elementor-element elementor-element-05a35b6 e-con-full e-flex e-con e-parent\" data-id=\"05a35b6\" data-element_type=\"container\" data-settings=\"{&quot;shape_divider_bottom&quot;:&quot;tilt&quot;}\">\n\t\t\t\t<div class=\"elementor-shape elementor-shape-bottom\" aria-hidden=\"true\" data-negative=\"false\">\n\t\t\t<svg xmlns=\"http:\/\/www.w3.org\/2000\/svg\" viewBox=\"0 0 1000 100\" preserveAspectRatio=\"none\">\n\t<path class=\"elementor-shape-fill\" d=\"M0,6V0h1000v100L0,6z\"\/>\n<\/svg>\t\t<\/div>\n\t\t\t\t<div class=\"elementor-element elementor-element-0bf18c7 elementor-widget elementor-widget-heading\" data-id=\"0bf18c7\" data-element_type=\"widget\" data-widget_type=\"heading.default\">\n\t\t\t\t<div class=\"elementor-widget-container\">\n\t\t\t\t\t<h1 class=\"elementor-heading-title elementor-size-default\">Formaci\u00f3n ocupacional<\/h1>\t\t\t\t<\/div>\n\t\t\t\t<\/div>\n\t\t\t\t<\/div>\n\t\t<div class=\"elementor-element elementor-element-cc0fb0b e-flex e-con-boxed e-con e-parent\" data-id=\"cc0fb0b\" data-element_type=\"container\">\n\t\t\t\t\t<div class=\"e-con-inner\">\n\t\t<div class=\"elementor-element elementor-element-8238f36 e-con-full e-flex e-con e-child\" data-id=\"8238f36\" data-element_type=\"container\">\n\t\t\t\t<div class=\"elementor-element elementor-element-b45f166 elementor-widget elementor-widget-text-editor\" data-id=\"b45f166\" data-element_type=\"widget\" data-widget_type=\"text-editor.default\">\n\t\t\t\t<div class=\"elementor-widget-container\">\n\t\t\t\t\t\t\t\t\t<p>Los cursos de formaci\u00f3n profesional ocupacional est\u00e1n dirigidos a personas, preferentemente en situaci\u00f3n de paro o tambi\u00e9n a personas en activo. Son programas formativos, te\u00f3rico-pr\u00e1cticos que tienen como finalidad mejorar la calificaci\u00f3n profesional y la capacidad de inserci\u00f3n laboral Al acabar se obtiene un t\u00edtulo oficial de certificado de profesionalidad de niveles 2 \u00f3 3.<\/p><p>Estos cursos les otorga el Servicio de Ocupaci\u00f3n de Catalu\u00f1a (SOY), de la Generalitat de Catalu\u00f1a<\/p>\t\t\t\t\t\t\t\t<\/div>\n\t\t\t\t<\/div>\n\t\t\t\t<div class=\"elementor-element elementor-element-f2f6b08 elementor-widget elementor-widget-heading\" data-id=\"f2f6b08\" data-element_type=\"widget\" data-widget_type=\"heading.default\">\n\t\t\t\t<div class=\"elementor-widget-container\">\n\t\t\t\t\t<h3 class=\"elementor-heading-title elementor-size-default\">Certificados de profesionalidad<\/h3>\t\t\t\t<\/div>\n\t\t\t\t<\/div>\n\t\t\t\t<\/div>\n\t\t<div class=\"elementor-element elementor-element-137a08e e-con-full e-flex e-con e-child\" data-id=\"137a08e\" data-element_type=\"container\">\n\t\t\t\t<div class=\"elementor-element elementor-element-a0e89e2 elementor-widget elementor-widget-text-editor\" data-id=\"a0e89e2\" data-element_type=\"widget\" data-widget_type=\"text-editor.default\">\n\t\t\t\t<div class=\"elementor-widget-container\">\n\t\t\t\t\t\t\t\t\t<p>Estamos <strong>homologados por el Departamento de Empresa y Ocupaci\u00f3n de la Generalitat de Catalu\u00f1a<\/strong> para la impartici\u00f3n de los siguientes certificados de profesionalidad:<\/p>\t\t\t\t\t\t\t\t<\/div>\n\t\t\t\t<\/div>\n\t\t\t\t<\/div>\n\t\t<div class=\"elementor-element elementor-element-0949c8e e-con-full e-flex e-con e-child\" data-id=\"0949c8e\" data-element_type=\"container\">\n\t\t\t\t<div class=\"elementor-element elementor-element-f6151df elementor-widget elementor-widget-text-editor\" data-id=\"f6151df\" data-element_type=\"widget\" data-widget_type=\"text-editor.default\">\n\t\t\t\t<div class=\"elementor-widget-container\">\n\t\t\t\t\t\t\t\t\t<ul><li>[ADGD0108] Gesti\u00f3n contable y gesti\u00f3n administrativa para auditor\u00eda<\/li><li>[ADGD0208] Gesti\u00f3n integrada de recursos humanos<\/li><li>[ADGD0210] Creaci\u00f3n y gesti\u00f3n de microempresas<\/li><li>[ADGD0308] Actividades de gesti\u00f3n administrativa<\/li><li>[ADGG0408] Operaciones auxiliares de servicios administrativos y generales<\/li><li>[ADGX01] Angl\u00e8s: gesti\u00f3n comercial<\/li><li>[COMT0411] Gesti\u00f3n comercial de ventas<\/li><li>[SSCG0209] Mediaci\u00f3n comunitaria<\/li><li>[ADGG0208] Actividades administrativas en la relaci\u00f3n con el cliente<\/li><li>[IFCD0110] Confecci\u00f3n y publicaci\u00f3n de p\u00e1ginas web<\/li><li>[IFCT0110] Operaci\u00f3n de redes departamentales<\/li><li>[IFCT0209] Sistemas microinform\u00e1ticos<\/li><li>[IFCT0210] Operaci\u00f3n de sistemas inform\u00e1ticos<\/li><li>[SANT0108] Atenci\u00f3n sanitaria a m\u00faltiples v\u00edctimas y en cat\u00e1strofes<\/li><li>[SANT0208] Traslado sanitario<\/li><\/ul>\t\t\t\t\t\t\t\t<\/div>\n\t\t\t\t<\/div>\n\t\t\t\t<\/div>\n\t\t<div class=\"elementor-element elementor-element-3b3b01f e-con-full e-flex e-con e-child\" data-id=\"3b3b01f\" data-element_type=\"container\">\n\t\t\t\t<div class=\"elementor-element elementor-element-da5ea48 elementor-widget elementor-widget-text-editor\" data-id=\"da5ea48\" data-element_type=\"widget\" data-widget_type=\"text-editor.default\">\n\t\t\t\t<div class=\"elementor-widget-container\">\n\t\t\t\t\t\t\t\t\t<ul><li>[SEAG0209] Limpieza en espacios abiertos e instalaciones industriales<\/li><li>[SSCE0110] Docencia de la formaci\u00f3n profesional para la ocupaci\u00f3n<\/li><li>[COML0109] Tr\u00e1fico de mercanc\u00edas por carretera<\/li><li>[COML0209] Organizaci\u00f3n del transporte y la distribuci\u00f3n<\/li><li>[COMM0112] Gesti\u00f3n de m\u00e0rketing y comunicaci\u00f3n<\/li><li>[COMT0210] Gesti\u00f3n administrativa y financiera del comercio internacional<\/li><li>[HOTG0208] Venta de servicios y productos tur\u00edsticos<\/li><li>[HOTI0108] Promoci\u00f3n tur\u00edstica local e informaci\u00f3n al visitante<\/li><li>[SANT0108] Atenci\u00f3n sanitaria a m\u00faltiples v\u00edctimas y en cat\u00e1strofes<\/li><li>[SANT0208] Traslado sanitario<\/li><li>[SSCB0109] Dinamizaci\u00f3n comunitaria<\/li><li>[SSCG0111] Gesti\u00f3n de llamadas de teleasistencia<\/li><li>[SSCS0208] Atenci\u00f3n sociosanitaria a personas dependientes en instituciones sociales<\/li><\/ul>\t\t\t\t\t\t\t\t<\/div>\n\t\t\t\t<\/div>\n\t\t\t\t<\/div>\n\t\t\t\t\t<\/div>\n\t\t\t\t<\/div>\n\t\t\t\t<\/div>\n\t\t","protected":false},"excerpt":{"rendered":"<p>Los cursos de formaci\u00f3n profesional ocupacional est\u00e1n dirigidos a personas, preferentemente en situaci\u00f3n de paro o tambi\u00e9n a personas en activo. Son programas formativos, te\u00f3rico-pr\u00e1cticos que tienen como finalidad mejorar la calificaci\u00f3n profesional y la capacidad de inserci\u00f3n laboral Al acabar se obtiene un t\u00edtulo oficial de certificado de profesionalidad de niveles 2 \u00f3 3. [&hellip;]<\/p>\n","protected":false},"author":1,"featured_media":0,"parent":0,"menu_order":0,"comment_status":"closed","ping_status":"closed","template":"","meta":{"_acf_changed":false,"footnotes":""},"class_list":["post-1659","page","type-page","status-publish","hentry"],"acf":[],"yoast_head":"<!-- This site is optimized with the Yoast SEO plugin v27.5 - https:\/\/yoast.com\/product\/yoast-seo-wordpress\/ -->\n<title>Formaci\u00f3n ocupacional - Abac Formaci\u00f3<\/title>\n<meta name=\"robots\" content=\"index, follow, max-snippet:-1, max-image-preview:large, max-video-preview:-1\" \/>\n<link rel=\"canonical\" href=\"https:\/\/abacformacio.com\/es\/formacion-ocupacional\/\" \/>\n<meta property=\"og:locale\" content=\"es_ES\" \/>\n<meta property=\"og:type\" content=\"article\" \/>\n<meta property=\"og:title\" content=\"Formaci\u00f3n ocupacional - Abac Formaci\u00f3\" \/>\n<meta property=\"og:description\" content=\"Los cursos de formaci\u00f3n profesional ocupacional est\u00e1n dirigidos a personas, preferentemente en situaci\u00f3n de paro o tambi\u00e9n a personas en activo. Son programas formativos, te\u00f3rico-pr\u00e1cticos que tienen como finalidad mejorar la calificaci\u00f3n profesional y la capacidad de inserci\u00f3n laboral Al acabar se obtiene un t\u00edtulo oficial de certificado de profesionalidad de niveles 2 \u00f3 3. [&hellip;]\" \/>\n<meta property=\"og:url\" content=\"https:\/\/abacformacio.com\/es\/formacion-ocupacional\/\" \/>\n<meta property=\"og:site_name\" content=\"Abac Formaci\u00f3\" \/>\n<meta property=\"article:modified_time\" content=\"2023-11-22T12:08:57+00:00\" \/>\n<meta name=\"twitter:card\" content=\"summary_large_image\" \/>\n<meta name=\"twitter:label1\" content=\"Tiempo de lectura\" \/>\n\t<meta name=\"twitter:data1\" content=\"2 minutos\" \/>\n<script type=\"application\/ld+json\" class=\"yoast-schema-graph\">{\"@context\":\"https:\\\/\\\/schema.org\",\"@graph\":[{\"@type\":\"WebPage\",\"@id\":\"https:\\\/\\\/abacformacio.com\\\/es\\\/formacion-ocupacional\\\/\",\"url\":\"https:\\\/\\\/abacformacio.com\\\/es\\\/formacion-ocupacional\\\/\",\"name\":\"Formaci\u00f3n ocupacional - Abac Formaci\u00f3\",\"isPartOf\":{\"@id\":\"https:\\\/\\\/abacformacio.com\\\/es\\\/#website\"},\"datePublished\":\"2023-10-29T09:43:26+00:00\",\"dateModified\":\"2023-11-22T12:08:57+00:00\",\"breadcrumb\":{\"@id\":\"https:\\\/\\\/abacformacio.com\\\/es\\\/formacion-ocupacional\\\/#breadcrumb\"},\"inLanguage\":\"es\",\"potentialAction\":[{\"@type\":\"ReadAction\",\"target\":[\"https:\\\/\\\/abacformacio.com\\\/es\\\/formacion-ocupacional\\\/\"]}]},{\"@type\":\"BreadcrumbList\",\"@id\":\"https:\\\/\\\/abacformacio.com\\\/es\\\/formacion-ocupacional\\\/#breadcrumb\",\"itemListElement\":[{\"@type\":\"ListItem\",\"position\":1,\"name\":\"Portada\",\"item\":\"https:\\\/\\\/abacformacio.com\\\/es\\\/\"},{\"@type\":\"ListItem\",\"position\":2,\"name\":\"Formaci\u00f3n ocupacional\"}]},{\"@type\":\"WebSite\",\"@id\":\"https:\\\/\\\/abacformacio.com\\\/es\\\/#website\",\"url\":\"https:\\\/\\\/abacformacio.com\\\/es\\\/\",\"name\":\"Abac Formaci\u00f3\",\"description\":\"Formaci\u00f3 subvencionada i bonificada a Lleida\",\"publisher\":{\"@id\":\"https:\\\/\\\/abacformacio.com\\\/es\\\/#organization\"},\"potentialAction\":[{\"@type\":\"SearchAction\",\"target\":{\"@type\":\"EntryPoint\",\"urlTemplate\":\"https:\\\/\\\/abacformacio.com\\\/es\\\/?s={search_term_string}\"},\"query-input\":{\"@type\":\"PropertyValueSpecification\",\"valueRequired\":true,\"valueName\":\"search_term_string\"}}],\"inLanguage\":\"es\"},{\"@type\":\"Organization\",\"@id\":\"https:\\\/\\\/abacformacio.com\\\/es\\\/#organization\",\"name\":\"Abac Formaci\u00f3\",\"url\":\"https:\\\/\\\/abacformacio.com\\\/es\\\/\",\"logo\":{\"@type\":\"ImageObject\",\"inLanguage\":\"es\",\"@id\":\"https:\\\/\\\/abacformacio.com\\\/es\\\/#\\\/schema\\\/logo\\\/image\\\/\",\"url\":\"https:\\\/\\\/abacformacio.com\\\/wp-content\\\/uploads\\\/2023\\\/10\\\/formacio-empreses-lleida-abac-e1698183049887.png\",\"contentUrl\":\"https:\\\/\\\/abacformacio.com\\\/wp-content\\\/uploads\\\/2023\\\/10\\\/formacio-empreses-lleida-abac-e1698183049887.png\",\"width\":1042,\"height\":203,\"caption\":\"Abac Formaci\u00f3\"},\"image\":{\"@id\":\"https:\\\/\\\/abacformacio.com\\\/es\\\/#\\\/schema\\\/logo\\\/image\\\/\"}}]}<\/script>\n<!-- \/ Yoast SEO plugin. -->","yoast_head_json":{"title":"Formaci\u00f3n ocupacional - Abac Formaci\u00f3","robots":{"index":"index","follow":"follow","max-snippet":"max-snippet:-1","max-image-preview":"max-image-preview:large","max-video-preview":"max-video-preview:-1"},"canonical":"https:\/\/abacformacio.com\/es\/formacion-ocupacional\/","og_locale":"es_ES","og_type":"article","og_title":"Formaci\u00f3n ocupacional - Abac Formaci\u00f3","og_description":"Los cursos de formaci\u00f3n profesional ocupacional est\u00e1n dirigidos a personas, preferentemente en situaci\u00f3n de paro o tambi\u00e9n a personas en activo. Son programas formativos, te\u00f3rico-pr\u00e1cticos que tienen como finalidad mejorar la calificaci\u00f3n profesional y la capacidad de inserci\u00f3n laboral Al acabar se obtiene un t\u00edtulo oficial de certificado de profesionalidad de niveles 2 \u00f3 3. [&hellip;]","og_url":"https:\/\/abacformacio.com\/es\/formacion-ocupacional\/","og_site_name":"Abac Formaci\u00f3","article_modified_time":"2023-11-22T12:08:57+00:00","twitter_card":"summary_large_image","twitter_misc":{"Tiempo de lectura":"2 minutos"},"schema":{"@context":"https:\/\/schema.org","@graph":[{"@type":"WebPage","@id":"https:\/\/abacformacio.com\/es\/formacion-ocupacional\/","url":"https:\/\/abacformacio.com\/es\/formacion-ocupacional\/","name":"Formaci\u00f3n ocupacional - Abac Formaci\u00f3","isPartOf":{"@id":"https:\/\/abacformacio.com\/es\/#website"},"datePublished":"2023-10-29T09:43:26+00:00","dateModified":"2023-11-22T12:08:57+00:00","breadcrumb":{"@id":"https:\/\/abacformacio.com\/es\/formacion-ocupacional\/#breadcrumb"},"inLanguage":"es","potentialAction":[{"@type":"ReadAction","target":["https:\/\/abacformacio.com\/es\/formacion-ocupacional\/"]}]},{"@type":"BreadcrumbList","@id":"https:\/\/abacformacio.com\/es\/formacion-ocupacional\/#breadcrumb","itemListElement":[{"@type":"ListItem","position":1,"name":"Portada","item":"https:\/\/abacformacio.com\/es\/"},{"@type":"ListItem","position":2,"name":"Formaci\u00f3n ocupacional"}]},{"@type":"WebSite","@id":"https:\/\/abacformacio.com\/es\/#website","url":"https:\/\/abacformacio.com\/es\/","name":"Abac Formaci\u00f3","description":"Formaci\u00f3 subvencionada i bonificada a Lleida","publisher":{"@id":"https:\/\/abacformacio.com\/es\/#organization"},"potentialAction":[{"@type":"SearchAction","target":{"@type":"EntryPoint","urlTemplate":"https:\/\/abacformacio.com\/es\/?s={search_term_string}"},"query-input":{"@type":"PropertyValueSpecification","valueRequired":true,"valueName":"search_term_string"}}],"inLanguage":"es"},{"@type":"Organization","@id":"https:\/\/abacformacio.com\/es\/#organization","name":"Abac Formaci\u00f3","url":"https:\/\/abacformacio.com\/es\/","logo":{"@type":"ImageObject","inLanguage":"es","@id":"https:\/\/abacformacio.com\/es\/#\/schema\/logo\/image\/","url":"https:\/\/abacformacio.com\/wp-content\/uploads\/2023\/10\/formacio-empreses-lleida-abac-e1698183049887.png","contentUrl":"https:\/\/abacformacio.com\/wp-content\/uploads\/2023\/10\/formacio-empreses-lleida-abac-e1698183049887.png","width":1042,"height":203,"caption":"Abac Formaci\u00f3"},"image":{"@id":"https:\/\/abacformacio.com\/es\/#\/schema\/logo\/image\/"}}]}},"publishpress_future_action":{"enabled":false,"date":"2026-05-07 02:52:20","action":"change-status","newStatus":"draft","terms":[],"taxonomy":"translation_priority","extraData":[]},"publishpress_future_workflow_manual_trigger":{"enabledWorkflows":[]},"_links":{"self":[{"href":"https:\/\/abacformacio.com\/es\/wp-json\/wp\/v2\/pages\/1659","targetHints":{"allow":["GET"]}}],"collection":[{"href":"https:\/\/abacformacio.com\/es\/wp-json\/wp\/v2\/pages"}],"about":[{"href":"https:\/\/abacformacio.com\/es\/wp-json\/wp\/v2\/types\/page"}],"author":[{"embeddable":true,"href":"https:\/\/abacformacio.com\/es\/wp-json\/wp\/v2\/users\/1"}],"replies":[{"embeddable":true,"href":"https:\/\/abacformacio.com\/es\/wp-json\/wp\/v2\/comments?post=1659"}],"version-history":[{"count":4,"href":"https:\/\/abacformacio.com\/es\/wp-json\/wp\/v2\/pages\/1659\/revisions"}],"predecessor-version":[{"id":1663,"href":"https:\/\/abacformacio.com\/es\/wp-json\/wp\/v2\/pages\/1659\/revisions\/1663"}],"wp:attachment":[{"href":"https:\/\/abacformacio.com\/es\/wp-json\/wp\/v2\/media?parent=1659"}],"curies":[{"name":"wp","href":"https:\/\/api.w.org\/{rel}","templated":true}]}}