{"id":1664,"date":"2023-10-29T10:48:04","date_gmt":"2023-10-29T09:48:04","guid":{"rendered":"https:\/\/abacformacio.com\/refuerzo-escolar\/"},"modified":"2023-11-22T13:19:24","modified_gmt":"2023-11-22T12:19:24","slug":"refuerzo-escolar","status":"publish","type":"page","link":"https:\/\/abacformacio.com\/es\/refuerzo-escolar\/","title":{"rendered":"Refuerzo escolar"},"content":{"rendered":"\t\t<div data-elementor-type=\"wp-page\" data-elementor-id=\"1664\" class=\"elementor elementor-1664 elementor-835\" data-elementor-post-type=\"page\">\n\t\t\t\t<div class=\"elementor-element elementor-element-08abbd5 e-con-full e-flex e-con e-parent\" data-id=\"08abbd5\" data-element_type=\"container\" data-settings=\"{&quot;shape_divider_bottom&quot;:&quot;tilt&quot;}\">\n\t\t\t\t<div class=\"elementor-shape elementor-shape-bottom\" aria-hidden=\"true\" data-negative=\"false\">\n\t\t\t<svg xmlns=\"http:\/\/www.w3.org\/2000\/svg\" viewBox=\"0 0 1000 100\" preserveAspectRatio=\"none\">\n\t<path class=\"elementor-shape-fill\" d=\"M0,6V0h1000v100L0,6z\"\/>\n<\/svg>\t\t<\/div>\n\t\t\t\t<div class=\"elementor-element elementor-element-8516cea elementor-widget elementor-widget-heading\" data-id=\"8516cea\" data-element_type=\"widget\" data-widget_type=\"heading.default\">\n\t\t\t\t<div class=\"elementor-widget-container\">\n\t\t\t\t\t<h1 class=\"elementor-heading-title elementor-size-default\">Refuerzo escolar<\/h1>\t\t\t\t<\/div>\n\t\t\t\t<\/div>\n\t\t\t\t<\/div>\n\t\t<div class=\"elementor-element elementor-element-ebf8d49 e-con-full e-flex e-con e-parent\" data-id=\"ebf8d49\" data-element_type=\"container\">\n\t\t<div class=\"elementor-element elementor-element-d6e8020 e-con-full e-flex e-con e-child\" data-id=\"d6e8020\" data-element_type=\"container\">\n\t\t\t\t<div class=\"elementor-element elementor-element-979bb02 elementor-widget elementor-widget-text-editor\" data-id=\"979bb02\" data-element_type=\"widget\" data-widget_type=\"text-editor.default\">\n\t\t\t\t<div class=\"elementor-widget-container\">\n\t\t\t\t\t\t\t\t\t<p><strong>El alumno es la parte central del refuerzo escolar.<\/strong> Desde \u00c1bac Formaci\u00f3 entendemos que cada alumno es diferente, especial. Por lo tanto, <strong>solo entendemos el refuerzo escolar si es personalizado<\/strong>, es decir, si se adapta al nivel inicial y ritmo de aprendizaje de cada alumno.e.<\/p>\n<p>Generalmente los objetivos del refuerzo escolar de \u00c1baco Formaci\u00f3n persiguen que el alumno mejore sus resultados acad\u00e9micos, se imponga autodisciplina y organizaci\u00f3n a medida que vaya logrando h\u00e1bitos y adquiera un sentimiento de responsabilidad y autonom\u00eda creciente.<\/p>\n\t\t\t\t\t\t\t\t<\/div>\n\t\t\t\t<\/div>\n\t\t\t\t<\/div>\n\t\t<div class=\"elementor-element elementor-element-1577326 e-con-full e-flex e-con e-child\" data-id=\"1577326\" data-element_type=\"container\" data-settings=\"{&quot;background_background&quot;:&quot;classic&quot;,&quot;background_motion_fx_motion_fx_scrolling&quot;:&quot;yes&quot;,&quot;background_motion_fx_translateX_effect&quot;:&quot;yes&quot;,&quot;background_motion_fx_translateX_speed&quot;:{&quot;unit&quot;:&quot;px&quot;,&quot;size&quot;:4,&quot;sizes&quot;:[]},&quot;background_motion_fx_translateX_affectedRange&quot;:{&quot;unit&quot;:&quot;%&quot;,&quot;size&quot;:&quot;&quot;,&quot;sizes&quot;:{&quot;start&quot;:0,&quot;end&quot;:100}},&quot;background_motion_fx_devices&quot;:[&quot;desktop&quot;,&quot;tablet&quot;,&quot;mobile&quot;]}\">\n\t\t\t\t<\/div>\n\t\t<div class=\"elementor-element elementor-element-dbed0b3 e-con-full e-flex e-con e-child\" data-id=\"dbed0b3\" data-element_type=\"container\">\n\t\t\t\t<div class=\"elementor-element elementor-element-4c7ff5f elementor-widget elementor-widget-heading\" data-id=\"4c7ff5f\" data-element_type=\"widget\" data-widget_type=\"heading.default\">\n\t\t\t\t<div class=\"elementor-widget-container\">\n\t\t\t\t\t<h4 class=\"elementor-heading-title elementor-size-default\">El refuerzo escolar de \u00c1bac Formaci\u00f3 tiene que ser el complemento ideal a la formaci\u00f3n y educaci\u00f3n que se da desde casa y desde la escuela.<\/h4>\t\t\t\t<\/div>\n\t\t\t\t<\/div>\n\t\t\t\t<div class=\"elementor-element elementor-element-7cce2de elementor-widget elementor-widget-text-editor\" data-id=\"7cce2de\" data-element_type=\"widget\" data-widget_type=\"text-editor.default\">\n\t\t\t\t<div class=\"elementor-widget-container\">\n\t\t\t\t\t\t\t\t\t<div class=\"et_pb_module et_pb_text et_pb_text_2 et_pb_text_align_left et_pb_bg_layout_light\">\n<div class=\"et_pb_text_inner\">\n<p>Organizamos los cursos en&nbsp;<strong>grupos reducidos,<\/strong>&nbsp; entre 4 y 5 alumnos por aula, donde el profesorado atiende individualmente a cada alumno\/a ayud\u00e1ndolo a resolver aquellas dificultades que pueda encontrar en su proceso de aprendizaje: proporcionando&nbsp; ayuda con los deberes, ofreciendo explicaciones complementarias de las asignaturas, preparando los ex\u00e1menes\u2026<\/p><p><br><\/p>\n<\/div>\n<\/div>\n<div class=\"et_pb_module et_pb_text et_pb_text_3 et_pb_text_align_left et_pb_bg_layout_light\">\n<div class=\"et_pb_text_inner\">\n<ul>\n<li>El alumno\/a trabaja con su propio material y la academia le proporciona material complementario para reforzar y, si hace falta, ampliar contenidos.<\/li>\n<li>Se lleva a cabo uno&nbsp;<strong>control d\u2019assist\u00e8ncia<\/strong>&nbsp; y se comunica a la familia las faltas de asistencia no justificadas.<\/li>\n<li>Tambi\u00e9n hay uno&nbsp;<strong>informe trimestral<\/strong>&nbsp;del alumno\/a para evaluar e informar de su rendimiento acad\u00e9mico.<\/li>\n<li><strong>Estamos en contacto.<\/strong>&nbsp; Siempre que es necesario, los profesores se ponen en contacto con los padres (por correo electr\u00f3nico o tel\u00e9fono) para valorar la evoluci\u00f3n del alumno y para avisar en el supuesto de que el alumno falte en clase.&nbsp;Y, si hace falta, tambi\u00e9n nos ponemos en contacto con los tutores y profesores de la escuela o el instituto por col\u2022laborar y dar una ayuda m\u00e1s efectiva al alumno.<\/li>\n<\/ul>\n<\/div>\n<\/div>\t\t\t\t\t\t\t\t<\/div>\n\t\t\t\t<\/div>\n\t\t\t\t<\/div>\n\t\t\t\t<\/div>\n\t\t\t\t<\/div>\n\t\t","protected":false},"excerpt":{"rendered":"<p>El alumno es la parte central del refuerzo escolar. Desde \u00c1bac Formaci\u00f3 entendemos que cada alumno es diferente, especial. Por lo tanto, solo entendemos el refuerzo escolar si es personalizado, es decir, si se adapta al nivel inicial y ritmo de aprendizaje de cada alumno.e. Generalmente los objetivos del refuerzo escolar de \u00c1baco Formaci\u00f3n persiguen [&hellip;]<\/p>\n","protected":false},"author":1,"featured_media":0,"parent":0,"menu_order":0,"comment_status":"closed","ping_status":"closed","template":"","meta":{"_acf_changed":false,"footnotes":""},"class_list":["post-1664","page","type-page","status-publish","hentry"],"acf":[],"yoast_head":"<!-- This site is optimized with the Yoast SEO plugin v27.5 - https:\/\/yoast.com\/product\/yoast-seo-wordpress\/ -->\n<title>Refuerzo escolar - Abac Formaci\u00f3<\/title>\n<meta name=\"robots\" content=\"index, follow, max-snippet:-1, max-image-preview:large, max-video-preview:-1\" \/>\n<link rel=\"canonical\" href=\"https:\/\/abacformacio.com\/es\/refuerzo-escolar\/\" \/>\n<meta property=\"og:locale\" content=\"es_ES\" \/>\n<meta property=\"og:type\" content=\"article\" \/>\n<meta property=\"og:title\" content=\"Refuerzo escolar - Abac Formaci\u00f3\" \/>\n<meta property=\"og:description\" content=\"El alumno es la parte central del refuerzo escolar. Desde \u00c1bac Formaci\u00f3 entendemos que cada alumno es diferente, especial. Por lo tanto, solo entendemos el refuerzo escolar si es personalizado, es decir, si se adapta al nivel inicial y ritmo de aprendizaje de cada alumno.e. Generalmente los objetivos del refuerzo escolar de \u00c1baco Formaci\u00f3n persiguen [&hellip;]\" \/>\n<meta property=\"og:url\" content=\"https:\/\/abacformacio.com\/es\/refuerzo-escolar\/\" \/>\n<meta property=\"og:site_name\" content=\"Abac Formaci\u00f3\" \/>\n<meta property=\"article:modified_time\" content=\"2023-11-22T12:19:24+00:00\" \/>\n<meta name=\"twitter:card\" content=\"summary_large_image\" \/>\n<meta name=\"twitter:label1\" content=\"Tiempo de lectura\" \/>\n\t<meta name=\"twitter:data1\" content=\"2 minutos\" \/>\n<script type=\"application\/ld+json\" class=\"yoast-schema-graph\">{\"@context\":\"https:\\\/\\\/schema.org\",\"@graph\":[{\"@type\":\"WebPage\",\"@id\":\"https:\\\/\\\/abacformacio.com\\\/es\\\/refuerzo-escolar\\\/\",\"url\":\"https:\\\/\\\/abacformacio.com\\\/es\\\/refuerzo-escolar\\\/\",\"name\":\"Refuerzo escolar - Abac Formaci\u00f3\",\"isPartOf\":{\"@id\":\"https:\\\/\\\/abacformacio.com\\\/es\\\/#website\"},\"datePublished\":\"2023-10-29T09:48:04+00:00\",\"dateModified\":\"2023-11-22T12:19:24+00:00\",\"breadcrumb\":{\"@id\":\"https:\\\/\\\/abacformacio.com\\\/es\\\/refuerzo-escolar\\\/#breadcrumb\"},\"inLanguage\":\"es\",\"potentialAction\":[{\"@type\":\"ReadAction\",\"target\":[\"https:\\\/\\\/abacformacio.com\\\/es\\\/refuerzo-escolar\\\/\"]}]},{\"@type\":\"BreadcrumbList\",\"@id\":\"https:\\\/\\\/abacformacio.com\\\/es\\\/refuerzo-escolar\\\/#breadcrumb\",\"itemListElement\":[{\"@type\":\"ListItem\",\"position\":1,\"name\":\"Portada\",\"item\":\"https:\\\/\\\/abacformacio.com\\\/es\\\/\"},{\"@type\":\"ListItem\",\"position\":2,\"name\":\"Refuerzo escolar\"}]},{\"@type\":\"WebSite\",\"@id\":\"https:\\\/\\\/abacformacio.com\\\/es\\\/#website\",\"url\":\"https:\\\/\\\/abacformacio.com\\\/es\\\/\",\"name\":\"Abac Formaci\u00f3\",\"description\":\"Formaci\u00f3 subvencionada i bonificada a Lleida\",\"publisher\":{\"@id\":\"https:\\\/\\\/abacformacio.com\\\/es\\\/#organization\"},\"potentialAction\":[{\"@type\":\"SearchAction\",\"target\":{\"@type\":\"EntryPoint\",\"urlTemplate\":\"https:\\\/\\\/abacformacio.com\\\/es\\\/?s={search_term_string}\"},\"query-input\":{\"@type\":\"PropertyValueSpecification\",\"valueRequired\":true,\"valueName\":\"search_term_string\"}}],\"inLanguage\":\"es\"},{\"@type\":\"Organization\",\"@id\":\"https:\\\/\\\/abacformacio.com\\\/es\\\/#organization\",\"name\":\"Abac Formaci\u00f3\",\"url\":\"https:\\\/\\\/abacformacio.com\\\/es\\\/\",\"logo\":{\"@type\":\"ImageObject\",\"inLanguage\":\"es\",\"@id\":\"https:\\\/\\\/abacformacio.com\\\/es\\\/#\\\/schema\\\/logo\\\/image\\\/\",\"url\":\"https:\\\/\\\/abacformacio.com\\\/wp-content\\\/uploads\\\/2023\\\/10\\\/formacio-empreses-lleida-abac-e1698183049887.png\",\"contentUrl\":\"https:\\\/\\\/abacformacio.com\\\/wp-content\\\/uploads\\\/2023\\\/10\\\/formacio-empreses-lleida-abac-e1698183049887.png\",\"width\":1042,\"height\":203,\"caption\":\"Abac Formaci\u00f3\"},\"image\":{\"@id\":\"https:\\\/\\\/abacformacio.com\\\/es\\\/#\\\/schema\\\/logo\\\/image\\\/\"}}]}<\/script>\n<!-- \/ Yoast SEO plugin. -->","yoast_head_json":{"title":"Refuerzo escolar - Abac Formaci\u00f3","robots":{"index":"index","follow":"follow","max-snippet":"max-snippet:-1","max-image-preview":"max-image-preview:large","max-video-preview":"max-video-preview:-1"},"canonical":"https:\/\/abacformacio.com\/es\/refuerzo-escolar\/","og_locale":"es_ES","og_type":"article","og_title":"Refuerzo escolar - Abac Formaci\u00f3","og_description":"El alumno es la parte central del refuerzo escolar. Desde \u00c1bac Formaci\u00f3 entendemos que cada alumno es diferente, especial. Por lo tanto, solo entendemos el refuerzo escolar si es personalizado, es decir, si se adapta al nivel inicial y ritmo de aprendizaje de cada alumno.e. Generalmente los objetivos del refuerzo escolar de \u00c1baco Formaci\u00f3n persiguen [&hellip;]","og_url":"https:\/\/abacformacio.com\/es\/refuerzo-escolar\/","og_site_name":"Abac Formaci\u00f3","article_modified_time":"2023-11-22T12:19:24+00:00","twitter_card":"summary_large_image","twitter_misc":{"Tiempo de lectura":"2 minutos"},"schema":{"@context":"https:\/\/schema.org","@graph":[{"@type":"WebPage","@id":"https:\/\/abacformacio.com\/es\/refuerzo-escolar\/","url":"https:\/\/abacformacio.com\/es\/refuerzo-escolar\/","name":"Refuerzo escolar - Abac Formaci\u00f3","isPartOf":{"@id":"https:\/\/abacformacio.com\/es\/#website"},"datePublished":"2023-10-29T09:48:04+00:00","dateModified":"2023-11-22T12:19:24+00:00","breadcrumb":{"@id":"https:\/\/abacformacio.com\/es\/refuerzo-escolar\/#breadcrumb"},"inLanguage":"es","potentialAction":[{"@type":"ReadAction","target":["https:\/\/abacformacio.com\/es\/refuerzo-escolar\/"]}]},{"@type":"BreadcrumbList","@id":"https:\/\/abacformacio.com\/es\/refuerzo-escolar\/#breadcrumb","itemListElement":[{"@type":"ListItem","position":1,"name":"Portada","item":"https:\/\/abacformacio.com\/es\/"},{"@type":"ListItem","position":2,"name":"Refuerzo escolar"}]},{"@type":"WebSite","@id":"https:\/\/abacformacio.com\/es\/#website","url":"https:\/\/abacformacio.com\/es\/","name":"Abac Formaci\u00f3","description":"Formaci\u00f3 subvencionada i bonificada a Lleida","publisher":{"@id":"https:\/\/abacformacio.com\/es\/#organization"},"potentialAction":[{"@type":"SearchAction","target":{"@type":"EntryPoint","urlTemplate":"https:\/\/abacformacio.com\/es\/?s={search_term_string}"},"query-input":{"@type":"PropertyValueSpecification","valueRequired":true,"valueName":"search_term_string"}}],"inLanguage":"es"},{"@type":"Organization","@id":"https:\/\/abacformacio.com\/es\/#organization","name":"Abac Formaci\u00f3","url":"https:\/\/abacformacio.com\/es\/","logo":{"@type":"ImageObject","inLanguage":"es","@id":"https:\/\/abacformacio.com\/es\/#\/schema\/logo\/image\/","url":"https:\/\/abacformacio.com\/wp-content\/uploads\/2023\/10\/formacio-empreses-lleida-abac-e1698183049887.png","contentUrl":"https:\/\/abacformacio.com\/wp-content\/uploads\/2023\/10\/formacio-empreses-lleida-abac-e1698183049887.png","width":1042,"height":203,"caption":"Abac Formaci\u00f3"},"image":{"@id":"https:\/\/abacformacio.com\/es\/#\/schema\/logo\/image\/"}}]}},"publishpress_future_action":{"enabled":false,"date":"2026-05-07 02:57:42","action":"change-status","newStatus":"draft","terms":[],"taxonomy":"translation_priority","extraData":[]},"publishpress_future_workflow_manual_trigger":{"enabledWorkflows":[]},"_links":{"self":[{"href":"https:\/\/abacformacio.com\/es\/wp-json\/wp\/v2\/pages\/1664","targetHints":{"allow":["GET"]}}],"collection":[{"href":"https:\/\/abacformacio.com\/es\/wp-json\/wp\/v2\/pages"}],"about":[{"href":"https:\/\/abacformacio.com\/es\/wp-json\/wp\/v2\/types\/page"}],"author":[{"embeddable":true,"href":"https:\/\/abacformacio.com\/es\/wp-json\/wp\/v2\/users\/1"}],"replies":[{"embeddable":true,"href":"https:\/\/abacformacio.com\/es\/wp-json\/wp\/v2\/comments?post=1664"}],"version-history":[{"count":2,"href":"https:\/\/abacformacio.com\/es\/wp-json\/wp\/v2\/pages\/1664\/revisions"}],"predecessor-version":[{"id":1666,"href":"https:\/\/abacformacio.com\/es\/wp-json\/wp\/v2\/pages\/1664\/revisions\/1666"}],"wp:attachment":[{"href":"https:\/\/abacformacio.com\/es\/wp-json\/wp\/v2\/media?parent=1664"}],"curies":[{"name":"wp","href":"https:\/\/api.w.org\/{rel}","templated":true}]}}